{"id":459,"date":"2025-07-21T12:04:29","date_gmt":"2025-07-21T12:04:29","guid":{"rendered":"https:\/\/klaipedabiennial.lt\/?page_id=459"},"modified":"2026-01-20T14:48:55","modified_gmt":"2026-01-20T14:48:55","slug":"apie","status":"publish","type":"page","link":"https:\/\/klaipedabiennial.lt\/en\/apie\/","title":{"rendered":"About"},"content":{"rendered":"<div data-elementor-type=\"wp-page\" data-elementor-id=\"459\" class=\"elementor elementor-459\" data-elementor-post-type=\"page\">\n\t\t\t\t<div class=\"elementor-element elementor-element-037ac1f e-flex e-con-boxed e-con e-parent\" data-id=\"037ac1f\" data-element_type=\"container\">\n\t\t\t\t\t<div class=\"e-con-inner\">\n\t\t\t\t<div class=\"elementor-element elementor-element-5821f94 elementor-widget__width-initial elementor-widget elementor-widget-text-editor\" data-id=\"5821f94\" data-element_type=\"widget\" data-widget_type=\"text-editor.default\">\n\t\t\t\t<div class=\"elementor-widget-container\">\n\t\t\t\t\t\t\t\t\t<p>1st Klaip\u0117da Biennial: Sunset Every Two Years<br><br><\/p>\t\t\t\t\t\t\t\t<\/div>\n\t\t\t\t<\/div>\n\t\t\t\t\t<\/div>\n\t\t\t\t<\/div>\n\t\t<div class=\"elementor-element elementor-element-a63a1cf e-con-full e-flex e-con e-parent\" data-id=\"a63a1cf\" data-element_type=\"container\">\n\t\t\t\t<div class=\"elementor-element elementor-element-71a21b1 elementor-widget elementor-widget-image\" data-id=\"71a21b1\" data-element_type=\"widget\" data-widget_type=\"image.default\">\n\t\t\t\t<div class=\"elementor-widget-container\">\n\t\t\t\t\t\t\t\t\t\t\t\t<figure class=\"wp-caption\">\n\t\t\t\t\t\t\t\t\t\t<img fetchpriority=\"high\" decoding=\"async\" width=\"1367\" height=\"847\" src=\"https:\/\/klaipedabiennial.lt\/wp-content\/uploads\/2025\/04\/1.jpg\" class=\"attachment-full size-full wp-image-229\" alt=\"Bienal\u0117s komanda | R. Treigio nuotr.\" srcset=\"https:\/\/klaipedabiennial.lt\/wp-content\/uploads\/2025\/04\/1.jpg 1367w, https:\/\/klaipedabiennial.lt\/wp-content\/uploads\/2025\/04\/1-300x186.jpg 300w, https:\/\/klaipedabiennial.lt\/wp-content\/uploads\/2025\/04\/1-1024x634.jpg 1024w, https:\/\/klaipedabiennial.lt\/wp-content\/uploads\/2025\/04\/1-768x476.jpg 768w\" sizes=\"(max-width: 1367px) 100vw, 1367px\" \/>\t\t\t\t\t\t\t\t\t\t\t<figcaption class=\"widget-image-caption wp-caption-text\">Biennial team | Photo by R. Treigys.<\/figcaption>\n\t\t\t\t\t\t\t\t\t\t<\/figure>\n\t\t\t\t\t\t\t\t\t<\/div>\n\t\t\t\t<\/div>\n\t\t\t\t<\/div>\n\t\t<div class=\"elementor-element elementor-element-d858cca e-flex e-con-boxed e-con e-parent\" data-id=\"d858cca\" data-element_type=\"container\">\n\t\t\t\t\t<div class=\"e-con-inner\">\n\t\t\t\t<div class=\"elementor-element elementor-element-1fda41a elementor-widget__width-initial elementor-widget elementor-widget-text-editor\" data-id=\"1fda41a\" data-element_type=\"widget\" data-widget_type=\"text-editor.default\">\n\t\t\t\t<div class=\"elementor-widget-container\">\n\t\t\t\t\t\t\t\t\t<p><span style=\"font-weight: 400;\">\u2018Transit\u2019 (from the Latin <\/span><i><span style=\"font-weight: 400;\">transitus <\/span><\/i><span style=\"font-weight: 400;\">\u2013 meaning passage or change) serves as the keyword of the upcoming Biennial, referring to an intermediate state of transition and transformation. This concept unfolds through several interconnected sub-themes.\u00a0<\/span><\/p>\n<p><span style=\"font-weight: 400;\">First (1), the Biennial itself \u2013 by its very nature, an event that occurs every two years \u2013 functions as a transient, recurrent phenomenon. In astronomy, transit refers to the movement of one celestial body across another. <\/span><span style=\"font-weight: 400;\">The title Sunset Every Two Years poetically evokes<\/span> <span style=\"font-weight: 400;\">a sense of extended, frozen, desynchronised time. It gestures both to modernity as<\/span> <span style=\"font-weight: 400;\">a contradictory period, connecting different worldviews and temporalities, and to Klaip\u0117da itself<\/span> <span style=\"font-weight: 400;\">often referred to as \u2018the city of sunsets\u2019. <\/span><span style=\"font-weight: 400;\">As a transit phenomenon, the Biennial offers an opportunity to experience the intersections between planetary and personal time and the field of art.\u00a0<\/span><\/p>\n<p><span style=\"font-weight: 400;\">Second (2), the figure of transit addresses the space of the distinctive and dramatic history of the greater Klaip\u0117da region, shaped by a century of significant political, urban, and other transformations. This is reflected in the Biennial's attention to the past, particularly through historical and other forms of photography.\u00a0<\/span><\/p>\n<p><span style=\"font-weight: 400;\">Third (3), Klaip\u0117da is a port city, a hub of transit, relocation, and logistics \u2013 moving freight, passengers, and ferries. In Ancient Greek, the word \u2018metaphor\u2019 <\/span><i><span style=\"font-weight: 400;\">(\u03bc\u03b5\u03c4\u03b1\u03c6\u03bf\u03c1\u03ac)<\/span><\/i><span style=\"font-weight: 400;\">means transference or relocation: this notion becomes both a poetic and curatorial strategy within this context. The integration of poetic\u00a0<\/span><span style=\"font-weight: 400;\">language into curatorial and architectural processes is one of the key intentions of this Biennial. The exhibition will feature a number of existing works, some of which may have been previously exhibited \u2013 their relocation, transit, and the creation of new semantic connections are an integral part of the Biennial.\u00a0<\/span><\/p>\n<p><span style=\"font-weight: 400;\">Fourth (4), the region\u2019s ecospace is closely tied to ecological and political movements and early examples of contemporary art in Lithuania, such as the campaign-performance Angakoko sugr\u012f\u017eimas (Return of Angakokas) by the artist group \u017dalias lapas (Green Leaf) in Nida in 1990, protesting against oil drilling in the Baltic Sea, and the National Park Status to Neringa campaign (Nida, 1989), among others. Taking into account the danger of chemical weapons buried in the Baltic Sea, the spills of various pollutants, radical historical and contemporary political and other movements, as well as the sea\u2019s current status as one of the most polluted bodies of water in the world, the Biennial seeks to draw attention to various notions of ecological and other toxicity.\u00a0<\/span><\/p>\n<p><span style=\"font-weight: 400;\">Fifth (5), and finally, this unique ecosystem of the \u2018sunset land\u2019 is also an actively regenerative space of rest, wellness, sexuality, and bodily or spiritual rebirth. As a seaside resort or a magical 'edge of the world\u2019, it offers the sensation of time slowing down, of liberating political or sexual bodies, and of opening up the possibility for new worlds and experiences.<\/span><\/p>\n<p><span style=\"font-weight: 400;\">Through these lenses, the Biennial will explore transit as a historical, logistical, socio-economic, ecological, extractivist, aesthetic, magical, and poetic theme for possible speculative futures.\u00a0<\/span><\/p>\n<p><span style=\"font-weight: 400;\">The 1st Klaip\u0117da Biennial (KB1) emerges in response to a lack of large-scale, recurrent, discursive contemporary art events in Western Lithuania. The international KB1 will take place across the premises of the Klaip\u0117da Cultural Communication Centre (KCCC) and the city\u2019s public spaces, with a special focus on the maritime region of Klaip\u0117da, its history, and the countries along the shores of the Baltic Sea.\u00a0<\/span><\/p>\n<p><span style=\"font-weight: 400;\">The first KB1 is curated by Valentinas Klima\u0161auskas, who has extensive experience in curating major international events, including the national pavilions of Latvia (2019) and Lithuania (2024) at the Venice Biennale, the Coast Contemporary Contemporary Art Festival in the Lofoten Islands, Norway (2023), and the 14th Baltic Triennial at the Contemporary Art Centre in Vilnius (CAC) (2021), among other projects. Klima\u0161auskas is currently the Director of the CAC in Vilnius.\u00a0<\/span><\/p>\n<p><span style=\"font-weight: 400;\">The long-term aim of the project is to establish a sustainable, large-scale international contemporary art event in Western Lithuania, fostering collaboration among artists and partner institutions from Northern Europe, the Baltic States, and beyond.\u00a0<\/span><\/p>\n<p><b>Locations of the Biennial: <\/b><span style=\"font-weight: 400;\">Klaip\u0117da Cultural Communication Centre (KCCC) and public spaces<\/span> <span style=\"font-weight: 400;\">across Klaip\u0117da<\/span><span style=\"font-weight: 400;\">\u00a0<\/span><\/p>\n<p><b>Biennial Team<\/b><b>\u00a0<\/b><\/p>\n<p>Commissioner: Liudas Andrikis<br \/>Curator: Valentinas Klima\u0161auskas<br \/>Assistant Curator: Viktorija Misiul\u0117<br \/>Architect: Gabriel\u0117 \u010cerniavskaja<br \/>Producer: \u017dana Jegorova<br \/>Coordinators: Justina Trapokait\u0117, Gabija Savickait\u0117<br \/>Graphic Designer: Vytautas Volbekas<br \/>Communication:<br \/>Curator of the Educational Programme: Daura Polonskyt\u0117<br \/>Educational Programme: Aurelija \u0160iu\u0161kait\u0117, Jolanta Uktveryt\u0117<br \/>Texts: Banga Elena Kniuk\u0161tait\u0117<br \/>Lithuanian Copy Editor: Dang\u0117 Vitkien\u0117<br \/>Translations: Alexandra Bondarev, Paulius Bal\u010dytis<br \/>English Copy Editor: Gemma Lloyd<br \/>Techninis \u012fgyvendinimas: Robertas Laugalys, Tomas Tarvydas, Vaclovas Leikus, Audronius \u017demgulis, Rimantas Zaleckas<br \/>Lighting: Justas B\u00f8<\/p>\n<p><b>Participating artists<\/b><span style=\"font-weight: 400;\">: Gabriel\u0117 Adomaityt\u0117, Matti Aikio, Bernardas Aleknavi\u010dius, Madeleine Andersson, Tekla Aslanishvili, Ar\u016bn\u0117 Baronait\u0117, Nina Beier, Vitalijus Butyrinas, Adam\nChristensen, Mikalojus Konstantinas \u010ciurlionis, Dovil\u0117 Dagien\u0117, Vytautas Dara\u0161kevi\u010dius, Doooooris, Milda Drazdauskait\u0117, Irena Giedraitien\u0117, Henrikas Gulbinas, Karla Gruodis, Vidmantas Il\u010diukas, Agn\u0117 Jok\u0161\u0117, Edith Karlson, Joachim Koester, Algimantas Kun\u010dius, \u010ceslovas Lukenskas, Paulius Makauskas, Simon Dybbroe M\u00f8ller, Paulina Mongirdait\u0117, Katja Novitskova, Vitalija Petraityt\u0117, Rodion Petroff, Emilija Povilanskait\u0117 and Clara Schweers, Romualdas Po\u017eerskis, Liudvikas Ruikas, Janina Sabaliauskait\u0117, Julija Skudutyt\u0117, P. Staff, Marija Su\u010dilait\u0117, Malka Sultan, Veronika \u0160leivyt\u0117, Virgilijus \u0160onta, Aske Tiberg, Viktor Timofeev, Remigijus Treigys, Gintautas Trimakas, Raimundas Urbonas, Lesia Vasylchenko and others.\u00a0<\/span><\/p>\n<p><\/p>\n<p><strong>Thank you to: <\/strong> To Laima Andriekien\u0117, Edita Arlausk\u0117, Ar\u016bnas Bal\u010di\u016bnas, Vsevolod Kovalevskij, Skirmant\u0117 Kvietkauskien\u0117, Dainius Raupelis, Vasilij Safronov, Mikalojus Urbonas, Mindaugas \u017dilys, as well as to the gallery Meno ni\u0161a, the Museum of the History of Lithuania Minor, MO Museum, Lithuanian Sea Museum, Kupi\u0161kis Ethnography Museum, National M. K. \u010ciurlionis Art Museum, Lithuanian Photographers\u2019 Association, Klaip\u0117da Gallery, Klaip\u0117da University\u2019s Marine Research Institute, Klaip\u0117da Culture Factory (KUFA), Forum Cinemas, \u0160eiko Dance Theatre, and Pranas Dom\u0161aitis Gallery.\u00a0<\/p>\n<p><span style=\"font-weight: 400;\"><b>Bienal\u0119 finansuoja<\/b> Klaip\u0117dos miesto savivaldyb\u0117, Lietuvos kult\u016bros taryba, Danijos meno fondas.\u00a0<\/span><\/p>\n<p><\/p>\n<p><\/p>\n<p><strong>Main Partner:\u00a0<\/strong><\/p>\n<p><\/p>\n<p><\/p>\n<p>Contemporary Art Centre, Vilnius\u00a0<\/p>\n<p><\/p>\t\t\t\t\t\t\t\t<\/div>\n\t\t\t\t<\/div>\n\t\t\t\t\t<\/div>\n\t\t\t\t<\/div>\n\t\t<div class=\"elementor-element elementor-element-785c4cd e-flex e-con-boxed e-con e-parent\" data-id=\"785c4cd\" data-element_type=\"container\">\n\t\t\t\t\t<div class=\"e-con-inner\">\n\t\t\t\t<div class=\"elementor-element elementor-element-6d304b8 elementor-widget__width-initial elementor-hidden-desktop elementor-hidden-tablet elementor-hidden-mobile elementor-icon-list--layout-traditional elementor-list-item-link-full_width elementor-widget elementor-widget-icon-list\" data-id=\"6d304b8\" data-element_type=\"widget\" data-widget_type=\"icon-list.default\">\n\t\t\t\t<div class=\"elementor-widget-container\">\n\t\t\t\t\t\t\t<ul class=\"elementor-icon-list-items\">\n\t\t\t\t\t\t\t<li class=\"elementor-icon-list-item\">\n\t\t\t\t\t\t\t\t\t\t\t<a href=\"#\" target=\"_blank\">\n\n\t\t\t\t\t\t\t\t\t\t\t\t<span class=\"elementor-icon-list-icon\">\n\t\t\t\t\t\t\t<svg aria-hidden=\"true\" class=\"e-font-icon-svg e-far-file-pdf\" viewbox=\"0 0 384 512\" xmlns=\"http:\/\/www.w3.org\/2000\/svg\"><path d=\"M369.9 97.9L286 14C277 5 264.8-.1 252.1-.1H48C21.5 0 0 21.5 0 48v416c0 26.5 21.5 48 48 48h288c26.5 0 48-21.5 48-48V131.9c0-12.7-5.1-25-14.1-34zM332.1 128H256V51.9l76.1 76.1zM48 464V48h160v104c0 13.3 10.7 24 24 24h104v288H48zm250.2-143.7c-12.2-12-47-8.7-64.4-6.5-17.2-10.5-28.7-25-36.8-46.3 3.9-16.1 10.1-40.6 5.4-56-4.2-26.2-37.8-23.6-42.6-5.9-4.4 16.1-.4 38.5 7 67.1-10 23.9-24.9 56-35.4 74.4-20 10.3-47 26.2-51 46.2-3.3 15.8 26 55.2 76.1-31.2 22.4-7.4 46.8-16.5 68.4-20.1 18.9 10.2 41 17 55.8 17 25.5 0 28-28.2 17.5-38.7zm-198.1 77.8c5.1-13.7 24.5-29.5 30.4-35-19 30.3-30.4 35.7-30.4 35zm81.6-190.6c7.4 0 6.7 32.1 1.8 40.8-4.4-13.9-4.3-40.8-1.8-40.8zm-24.4 136.6c9.7-16.9 18-37 24.7-54.7 8.3 15.1 18.9 27.2 30.1 35.5-20.8 4.3-38.9 13.1-54.8 19.2zm131.6-5s-5 6-37.3-7.8c35.1-2.6 40.9 5.4 37.3 7.8z\"><\/path><\/svg>\t\t\t\t\t\t<\/span>\n\t\t\t\t\t\t\t\t\t\t<span class=\"elementor-icon-list-text\">E-gidas prane\u0161imai<\/span>\n\t\t\t\t\t\t\t\t\t\t\t<\/a>\n\t\t\t\t\t\t\t\t\t<\/li>\n\t\t\t\t\t\t<\/ul>\n\t\t\t\t\t\t<\/div>\n\t\t\t\t<\/div>\n\t\t\t\t\t<\/div>\n\t\t\t\t<\/div>\n\t\t\t\t<\/div>","protected":false},"excerpt":{"rendered":"<p>1-oji Klaip\u0117dos bienal\u0117 \u201eSaul\u0117lydis kas dvejus metus\u201c Bienal\u0117s komanda | R. Treigio nuotr. Tranzitas (lot. transitus \u2013 per\u0117jimas) kaip tarpin\u0117 kismo ir jud\u0117jimo b\u016bsena yra esminis b\u016bsimos bienal\u0117s rakta\u017eodis. Tranzito tema parodoje i\u0161skleid\u017eiama per \u012fvairias potemes.\u00a0 Pirma (1), pati bienal\u0117, kaip kas dvejus metus vykstantis rei\u0161kinys, yra praeinantis, pasikartojantis, tranzitinis rei\u0161kinys. Astronomijoje tranzitas rei\u0161kia vieno [&hellip;]<\/p>","protected":false},"author":1,"featured_media":0,"parent":0,"menu_order":0,"comment_status":"closed","ping_status":"closed","template":"","meta":{"_acf_changed":false,"footnotes":""},"class_list":["post-459","page","type-page","status-publish","hentry"],"acf":[],"_links":{"self":[{"href":"https:\/\/klaipedabiennial.lt\/en\/wp-json\/wp\/v2\/pages\/459","targetHints":{"allow":["GET"]}}],"collection":[{"href":"https:\/\/klaipedabiennial.lt\/en\/wp-json\/wp\/v2\/pages"}],"about":[{"href":"https:\/\/klaipedabiennial.lt\/en\/wp-json\/wp\/v2\/types\/page"}],"author":[{"embeddable":true,"href":"https:\/\/klaipedabiennial.lt\/en\/wp-json\/wp\/v2\/users\/1"}],"replies":[{"embeddable":true,"href":"https:\/\/klaipedabiennial.lt\/en\/wp-json\/wp\/v2\/comments?post=459"}],"version-history":[{"count":0,"href":"https:\/\/klaipedabiennial.lt\/en\/wp-json\/wp\/v2\/pages\/459\/revisions"}],"wp:attachment":[{"href":"https:\/\/klaipedabiennial.lt\/en\/wp-json\/wp\/v2\/media?parent=459"}],"curies":[{"name":"wp","href":"https:\/\/api.w.org\/{rel}","templated":true}]}}